{"id":59,"date":"2019-08-27T18:28:28","date_gmt":"2019-08-27T16:28:28","guid":{"rendered":"http:\/\/violmax.wroclaw.pl\/?page_id=59"},"modified":"2021-07-11T19:41:15","modified_gmt":"2021-07-11T17:41:15","slug":"miasta","status":"publish","type":"page","link":"https:\/\/violmax.pl\/index.php\/miasta\/","title":{"rendered":"Miasta"},"content":{"rendered":"\t\t<div data-elementor-type=\"wp-post\" data-elementor-id=\"59\" class=\"elementor elementor-59\" data-elementor-settings=\"[]\">\n\t\t\t\t\t\t<div class=\"elementor-inner\">\n\t\t\t\t\t\t\t<div class=\"elementor-section-wrap\">\n\t\t\t\t\t\t\t<section class=\"elementor-section elementor-top-section elementor-element elementor-element-c92d4ee elementor-section-boxed elementor-section-height-default elementor-section-height-default\" data-id=\"c92d4ee\" data-element_type=\"section\">\n\t\t\t\t\t\t<div class=\"elementor-container elementor-column-gap-default\">\n\t\t\t\t\t\t\t<div class=\"elementor-row\">\n\t\t\t\t\t<div class=\"elementor-column elementor-col-100 elementor-top-column elementor-element elementor-element-75ef246\" data-id=\"75ef246\" data-element_type=\"column\">\n\t\t\t<div class=\"elementor-column-wrap elementor-element-populated\">\n\t\t\t\t\t\t\t<div class=\"elementor-widget-wrap\">\n\t\t\t\t\t\t<div class=\"elementor-element elementor-element-93bdd05 elementor-position-left elementor-vertical-align-top elementor-widget elementor-widget-image-box\" data-id=\"93bdd05\" data-element_type=\"widget\" data-widget_type=\"image-box.default\">\n\t\t\t\t<div class=\"elementor-widget-container\">\n\t\t\t<div class=\"elementor-image-box-wrapper\"><div class=\"elementor-image-box-content\"><h3 class=\"elementor-image-box-title\"><a href=\"http:\/\/violmax.pl\/index.php\/kategoria-produktu\/miasta\/kazimierz-dolny\/\">Kazimierz Dolny<\/a><\/h3><p class=\"elementor-image-box-description\">Zielona G\u00f3ra \u2013 miasto w Polsce w wojew\u00f3dztwie lubelskim, w powiecie pu\u0142awskim, nad Wis\u0142\u0105, w Ma\u0142opolskim Prze\u0142omie Wis\u0142y, w zachodniej cz\u0119\u015bci P\u0142askowy\u017cu Na\u0142\u0119czowskiego. Pod wzgl\u0119dem historycznym Kazimierz Dolny po\u0142o\u017cony jest w Ma\u0142opolsce, pocz\u0105tkowo nale\u017ca\u0142 do ziemi sandomierskiej, a nast\u0119pnie do ziemi lubelskiej<\/p><\/div><\/div>\t\t<\/div>\n\t\t\t\t<\/div>\n\t\t\t\t<div class=\"elementor-element elementor-element-466462f elementor-position-left elementor-vertical-align-top elementor-widget elementor-widget-image-box\" data-id=\"466462f\" data-element_type=\"widget\" data-widget_type=\"image-box.default\">\n\t\t\t\t<div class=\"elementor-widget-container\">\n\t\t\t<div class=\"elementor-image-box-wrapper\"><div class=\"elementor-image-box-content\"><h3 class=\"elementor-image-box-title\"><a href=\"http:\/\/violmax.pl\/index.php\/kategoria-produktu\/miasta\/zielona-gora\/\">Zielona G\u00f3ra<\/a><\/h3><p class=\"elementor-image-box-description\">Zielona G\u00f3ra \u2013 miasto na prawach powiatu w zachodniej Polsce, najwi\u0119ksze miasto woj. lubuskiego, siedziba organ\u00f3w samorz\u0105du wojew\u00f3dztwa, marsza\u0142ka i zarz\u0105du wojew\u00f3dztwa lubuskiego i Sejmiku Wojew\u00f3dztwa <\/p><\/div><\/div>\t\t<\/div>\n\t\t\t\t<\/div>\n\t\t\t\t<div class=\"elementor-element elementor-element-34790be elementor-position-left elementor-vertical-align-top elementor-widget elementor-widget-image-box\" data-id=\"34790be\" data-element_type=\"widget\" data-widget_type=\"image-box.default\">\n\t\t\t\t<div class=\"elementor-widget-container\">\n\t\t\t<div class=\"elementor-image-box-wrapper\"><div class=\"elementor-image-box-content\"><h3 class=\"elementor-image-box-title\"><a href=\"http:\/\/violmax.pl\/index.php\/kategoria-produktu\/miasta\/poznan\/\">Pozna\u0144 <\/a><\/h3><p class=\"elementor-image-box-description\">Pozna\u0144 \u2013 miasto na prawach powiatu w zachodniej Polsce, po\u0142o\u017cone na Pojezierzu Wielkopolskim, nad rzek\u0105 Wart\u0105, u uj\u015bcia Cybiny. Historyczna stolica Wielkopolski, od 1999 r. siedziba w\u0142adz wojew\u00f3dztwa wielkopolskiego i powiatu pozna\u0144skiego.<\/p><\/div><\/div>\t\t<\/div>\n\t\t\t\t<\/div>\n\t\t\t\t<div class=\"elementor-element elementor-element-602cf7f elementor-position-left elementor-vertical-align-top elementor-widget elementor-widget-image-box\" data-id=\"602cf7f\" data-element_type=\"widget\" data-widget_type=\"image-box.default\">\n\t\t\t\t<div class=\"elementor-widget-container\">\n\t\t\t<div class=\"elementor-image-box-wrapper\"><div class=\"elementor-image-box-content\"><h3 class=\"elementor-image-box-title\"><a href=\"http:\/\/violmax.pl\/index.php\/kategoria-produktu\/miasta\/wroclaw\/\">Wroc\u0142aw<\/a><\/h3><p class=\"elementor-image-box-description\">Wroc\u0142aw \u2013 miasto na prawach powiatu w po\u0142udniowo-zachodniej Polsce, siedziba w\u0142adz wojew\u00f3dztwa dolno\u015bl\u0105skiego i powiatu wroc\u0142awskiego. Po\u0142o\u017cone w Europie \u015arodkowej, na Nizinie \u015al\u0105skiej, nad Odr\u0105 i czterema jej dop\u0142ywami. Jest historyczn\u0105 stolic\u0105 Dolnego \u015al\u0105ska, a tak\u017ce ca\u0142ego \u015al\u0105ska<\/p><\/div><\/div>\t\t<\/div>\n\t\t\t\t<\/div>\n\t\t\t\t<div class=\"elementor-element elementor-element-0fe2fee elementor-position-left elementor-vertical-align-top elementor-widget elementor-widget-image-box\" data-id=\"0fe2fee\" data-element_type=\"widget\" data-widget_type=\"image-box.default\">\n\t\t\t\t<div class=\"elementor-widget-container\">\n\t\t\t<div class=\"elementor-image-box-wrapper\"><div class=\"elementor-image-box-content\"><h3 class=\"elementor-image-box-title\"><a href=\"http:\/\/violmax.pl\/index.php\/kategoria-produktu\/miasta\/walbrzych\/\">Wa\u0142brzych <\/a><\/h3><p class=\"elementor-image-box-description\">Wa\u0142brzych \u2013 miasto na prawach powiatu na po\u0142udniowym zachodzie Polski, w wojew\u00f3dztwie dolno\u015bl\u0105skim nad Pe\u0142cznic\u0105. Miasto le\u017cy na Pog\u00f3rzu Zachodniosudeckim i Sudetach \u015arodkowych w pasmie G\u00f3r Wa\u0142brzyskich. Historycznie na Dolnym \u015al\u0105sku. Siedziba powiatu wa\u0142brzyskiego i g\u0142\u00f3wne miasto aglomeracji wa\u0142brzyskiej.<\/p><\/div><\/div>\t\t<\/div>\n\t\t\t\t<\/div>\n\t\t\t\t<div class=\"elementor-element elementor-element-3355470 elementor-position-left elementor-vertical-align-top elementor-widget elementor-widget-image-box\" data-id=\"3355470\" data-element_type=\"widget\" data-widget_type=\"image-box.default\">\n\t\t\t\t<div class=\"elementor-widget-container\">\n\t\t\t<div class=\"elementor-image-box-wrapper\"><div class=\"elementor-image-box-content\"><h3 class=\"elementor-image-box-title\"><a href=\"http:\/\/violmax.pl\/index.php\/kategoria-produktu\/miasta\/klodzko\/\">K\u0142odzko <\/a><\/h3><p class=\"elementor-image-box-description\">K\u0142odzko \u2013 miasto w wojew\u00f3dztwie dolno\u015bl\u0105skim, siedziba powiatu k\u0142odzkiego i gminy wiejskiej K\u0142odzko. Miasto ma 27 041 mieszka\u0144c\u00f3w.<\/p><\/div><\/div>\t\t<\/div>\n\t\t\t\t<\/div>\n\t\t\t\t<div class=\"elementor-element elementor-element-ac2e30d elementor-position-left elementor-vertical-align-top elementor-widget elementor-widget-image-box\" data-id=\"ac2e30d\" data-element_type=\"widget\" data-widget_type=\"image-box.default\">\n\t\t\t\t<div class=\"elementor-widget-container\">\n\t\t\t<div class=\"elementor-image-box-wrapper\"><div class=\"elementor-image-box-content\"><h3 class=\"elementor-image-box-title\"><a href=\"http:\/\/violmax.pl\/index.php\/kategoria-produktu\/miasta\/warszawa\/\">Warszawa<\/a><\/h3><p class=\"elementor-image-box-description\">Warszawa, miasto sto\u0142eczne Warszawa \u2013 stolica Polski i wojew\u00f3dztwa mazowieckiego, najwi\u0119ksze miasto kraju, po\u0142o\u017cone w jego \u015brodkowo-wschodniej cz\u0119\u015bci, na Nizinie \u015arodkowomazowieckiej, na Mazowszu, nad Wis\u0142\u0105<\/p><\/div><\/div>\t\t<\/div>\n\t\t\t\t<\/div>\n\t\t\t\t<div class=\"elementor-element elementor-element-1a18da8 elementor-position-left elementor-vertical-align-top elementor-widget elementor-widget-image-box\" data-id=\"1a18da8\" data-element_type=\"widget\" data-widget_type=\"image-box.default\">\n\t\t\t\t<div class=\"elementor-widget-container\">\n\t\t\t<div class=\"elementor-image-box-wrapper\"><div class=\"elementor-image-box-content\"><h3 class=\"elementor-image-box-title\"><a href=\"http:\/\/violmax.pl\/index.php\/kategoria-produktu\/miasta\/krakow\/\">Krak\u00f3w<\/a><\/h3><p class=\"elementor-image-box-description\">Krak\u00f3w \u2013 miasto na prawach powiatu po\u0142o\u017cone w po\u0142udniowej Polsce nad Wis\u0142\u0105, drugie co do liczby mieszka\u0144c\u00f3w i powierzchni miasto kraju, stolica Polski do 1795 r. i miasto koronacyjne oraz nekropolia kr\u00f3l\u00f3w Polski, od 1000 r. nieprzerwanie stolica diecezji krakowskiej, a od 1925 archidiecezji i metropolii.<\/p><\/div><\/div>\t\t<\/div>\n\t\t\t\t<\/div>\n\t\t\t\t<div class=\"elementor-element elementor-element-b4147c2 elementor-position-left elementor-vertical-align-top elementor-widget elementor-widget-image-box\" data-id=\"b4147c2\" data-element_type=\"widget\" data-widget_type=\"image-box.default\">\n\t\t\t\t<div class=\"elementor-widget-container\">\n\t\t\t<div class=\"elementor-image-box-wrapper\"><div class=\"elementor-image-box-content\"><h3 class=\"elementor-image-box-title\"><a href=\"http:\/\/violmax.pl\/index.php\/kategoria-produktu\/miasta\/sandomierz\/\">Sandomierz<\/a><\/h3><p class=\"elementor-image-box-description\">Sandomierz \u2013 miasto w wojew\u00f3dztwie \u015bwi\u0119tokrzyskim, w powiecie sandomierskim, po\u0142o\u017cone nad Wis\u0142\u0105, na siedmiu wzg\u00f3rzach. Sandomierz jest usytuowany w Nizinie Nadwi\u015bla\u0144skiej i rozci\u0105ga si\u0119 od Wy\u017cyny Sandomierskiej po R\u00f3wnin\u0119 Tarnobrzesk\u0105.<\/p><\/div><\/div>\t\t<\/div>\n\t\t\t\t<\/div>\n\t\t\t\t<div class=\"elementor-element elementor-element-0b1f439 elementor-position-left elementor-vertical-align-top elementor-widget elementor-widget-image-box\" data-id=\"0b1f439\" data-element_type=\"widget\" data-widget_type=\"image-box.default\">\n\t\t\t\t<div class=\"elementor-widget-container\">\n\t\t\t<div class=\"elementor-image-box-wrapper\"><div class=\"elementor-image-box-content\"><h3 class=\"elementor-image-box-title\"><a href=\"http:\/\/violmax.pl\/index.php\/kategoria-produktu\/miasta\/lublin\/\">Lublin<\/a><\/h3><p class=\"elementor-image-box-description\">Lublin \u2013 miasto na prawach powiatu we wschodniej Polsce, stolica wojew\u00f3dztwa lubelskiego i centralny o\u015brodek aglomeracji lubelskiej. Dziewi\u0105te co do wielko\u015bci populacji miasto w Polsce, drugie w Ma\u0142opolsce. Pod wzgl\u0119dem powierzchni szesnaste.<\/p><\/div><\/div>\t\t<\/div>\n\t\t\t\t<\/div>\n\t\t\t\t<div class=\"elementor-element elementor-element-3fa8dfb elementor-position-left elementor-vertical-align-top elementor-widget elementor-widget-image-box\" data-id=\"3fa8dfb\" data-element_type=\"widget\" data-widget_type=\"image-box.default\">\n\t\t\t\t<div class=\"elementor-widget-container\">\n\t\t\t<div class=\"elementor-image-box-wrapper\"><div class=\"elementor-image-box-content\"><h3 class=\"elementor-image-box-title\"><a href=\"http:\/\/violmax.pl\/index.php\/kategoria-produktu\/miasta\/lancut\/\/\">\u0141a\u0144cut<\/a><\/h3><p class=\"elementor-image-box-description\">\u0141a\u0144cut \u2013 miasto w Polsce po\u0142o\u017cone w wojew\u00f3dztwie podkarpackim, na granicy Podg\u00f3rza Rzeszowskiego i Pradoliny Podkarpackiej. Siedziba w\u0142adz powiatu i gminy. Le\u017cy w dawnej ziemi przemyskiej. \u0141a\u0144cut nale\u017cy do wojew\u00f3dztwa podkarpackiego, le\u017c\u0105c 16 km na wsch\u00f3d od jego stolicy \u2013 Rzeszowa.<\/p><\/div><\/div>\t\t<\/div>\n\t\t\t\t<\/div>\n\t\t\t\t<div class=\"elementor-element elementor-element-51ea58c elementor-position-left elementor-vertical-align-top elementor-widget elementor-widget-image-box\" data-id=\"51ea58c\" data-element_type=\"widget\" data-widget_type=\"image-box.default\">\n\t\t\t\t<div class=\"elementor-widget-container\">\n\t\t\t<div class=\"elementor-image-box-wrapper\"><div class=\"elementor-image-box-content\"><h3 class=\"elementor-image-box-title\"><a href=\"http:\/\/violmax.pl\/index.php\/kategoria-produktu\/miasta\/rzeszow\/\">Rzesz\u00f3w<\/a><\/h3><p class=\"elementor-image-box-description\">Rzesz\u00f3w \u2013 miasto na prawach powiatu w po\u0142udniowo-wschodniej Polsce, stolica wojew\u00f3dztwa podkarpackiego i siedziba w\u0142adz powiatu rzeszowskiego. Jest centralnym miastem aglomeracji rzeszowskiej.<\/p><\/div><\/div>\t\t<\/div>\n\t\t\t\t<\/div>\n\t\t\t\t<div class=\"elementor-element elementor-element-ab4946a elementor-position-left elementor-vertical-align-top elementor-widget elementor-widget-image-box\" data-id=\"ab4946a\" data-element_type=\"widget\" data-widget_type=\"image-box.default\">\n\t\t\t\t<div class=\"elementor-widget-container\">\n\t\t\t<div class=\"elementor-image-box-wrapper\"><div class=\"elementor-image-box-content\"><h3 class=\"elementor-image-box-title\"><a href=\"http:\/\/violmax.pl\/index.php\/kategoria-produktu\/miasta\/przemysl\/\">przemy\u015bl<\/a><\/h3><p class=\"elementor-image-box-description\">Przemy\u015bl \u2013 miasto na prawach powiatu w po\u0142udniowo-wschodniej Polsce, w wojew\u00f3dztwie podkarpackim, po\u0142o\u017cone nad Sanem przy uj\u015bciu Wiaru. Wed\u0142ug danych GUS z 31 grudnia 2019 Przemy\u015bl liczy\u0142 60 689 mieszka\u0144c\u00f3w.<\/p><\/div><\/div>\t\t<\/div>\n\t\t\t\t<\/div>\n\t\t\t\t<div class=\"elementor-element elementor-element-8aa11c6 elementor-position-left elementor-vertical-align-top elementor-widget elementor-widget-image-box\" data-id=\"8aa11c6\" data-element_type=\"widget\" data-widget_type=\"image-box.default\">\n\t\t\t\t<div class=\"elementor-widget-container\">\n\t\t\t<div class=\"elementor-image-box-wrapper\"><div class=\"elementor-image-box-content\"><h3 class=\"elementor-image-box-title\"><a href=\"http:\/\/violmax.pl\/index.php\/kategoria-produktu\/miasta\/zamosc\/\">Zamo\u015b\u0107<\/a><\/h3><p class=\"elementor-image-box-description\">Zamo\u015b\u0107 \u2013 miasto na prawach powiatu w po\u0142udniowej cz\u0119\u015bci wojew\u00f3dztwa lubelskiego, siedziba w\u0142adz powiatu zamojskiego i gminy Zamo\u015b\u0107. Jest jednym z wi\u0119kszych o\u015brodk\u00f3w kulturalnych, edukacyjnych i turystycznych wojew\u00f3dztwa, a zw\u0142aszcza Zamojszczyzny.<\/p><\/div><\/div>\t\t<\/div>\n\t\t\t\t<\/div>\n\t\t\t\t<div class=\"elementor-element elementor-element-9f1faa0 elementor-position-left elementor-vertical-align-top elementor-widget elementor-widget-image-box\" data-id=\"9f1faa0\" data-element_type=\"widget\" data-widget_type=\"image-box.default\">\n\t\t\t\t<div class=\"elementor-widget-container\">\n\t\t\t<div class=\"elementor-image-box-wrapper\"><div class=\"elementor-image-box-content\"><h3 class=\"elementor-image-box-title\"><a href=\"http:\/\/violmax.pl\/index.php\/kategoria-produktu\/miasta\/swidnica\/\">\u015awidnica<\/a><\/h3><p class=\"elementor-image-box-description\">\u015awidnica \u2013 miasto w wojew\u00f3dztwie dolno\u015bl\u0105skim, siedziba powiatu \u015bwidnickiego. Miasto le\u017cy historycznie na Dolnym \u015al\u0105sku, na Przedg\u00f3rzu Sudeckim, nad rzek\u0105 Bystrzyc\u0105. Od 2004 siedziba diecezji \u015bwidnickiej. Od 2015 w \u015awidnicy rezyduje Biskup Diecezji Wroc\u0142awskiej Ko\u015bcio\u0142a Ewangelicko \u2013 Augsburskiego w RP.<\/p><\/div><\/div>\t\t<\/div>\n\t\t\t\t<\/div>\n\t\t\t\t<div class=\"elementor-element elementor-element-aed3dc2 elementor-position-left elementor-vertical-align-top elementor-widget elementor-widget-image-box\" data-id=\"aed3dc2\" data-element_type=\"widget\" data-widget_type=\"image-box.default\">\n\t\t\t\t<div class=\"elementor-widget-container\">\n\t\t\t<div class=\"elementor-image-box-wrapper\"><div class=\"elementor-image-box-content\"><h3 class=\"elementor-image-box-title\"><a href=\"http:\/\/violmax.pl\/index.php\/kategoria-produktu\/miasta\/malbork\/\">Malbork<\/a><\/h3><p class=\"elementor-image-box-description\">Malbork \u2013 miasto w p\u00f3\u0142nocnej Polsce, w wojew\u00f3dztwie pomorskim nad Nogatem. Siedziba powiatu malborskiego.<\/p><\/div><\/div>\t\t<\/div>\n\t\t\t\t<\/div>\n\t\t\t\t<div class=\"elementor-element elementor-element-eee9d32 elementor-position-left elementor-vertical-align-top elementor-widget elementor-widget-image-box\" data-id=\"eee9d32\" data-element_type=\"widget\" data-widget_type=\"image-box.default\">\n\t\t\t\t<div class=\"elementor-widget-container\">\n\t\t\t<div class=\"elementor-image-box-wrapper\"><div class=\"elementor-image-box-content\"><h3 class=\"elementor-image-box-title\"><a href=\"http:\/\/violmax.pl\/index.php\/kategoria-produktu\/miasta\/wieliczka\/\">Wieliczka<\/a><\/h3><p class=\"elementor-image-box-description\">Wieliczka \u2013 miasto powiatowe w wojew\u00f3dztwie ma\u0142opolskim, w powiecie wielickim, siedziba w\u0142adz gminy miejsko-wiejskiej Wieliczka oraz w\u0142adz powiatu. Miasto liczy 23 395 mieszka\u0144c\u00f3w, powierzchnia wynosi 13,41 km\u00b2.<\/p><\/div><\/div>\t\t<\/div>\n\t\t\t\t<\/div>\n\t\t\t\t<div class=\"elementor-element elementor-element-b80d3dd elementor-position-left elementor-vertical-align-top elementor-widget elementor-widget-image-box\" data-id=\"b80d3dd\" data-element_type=\"widget\" data-widget_type=\"image-box.default\">\n\t\t\t\t<div class=\"elementor-widget-container\">\n\t\t\t<div class=\"elementor-image-box-wrapper\"><div class=\"elementor-image-box-content\"><h3 class=\"elementor-image-box-title\"><a href=\"http:\/\/violmax.pl\/index.php\/kategoria-produktu\/miasta\/zamek-czocha\/\">Zamek Czocha<\/a><\/h3><p class=\"elementor-image-box-description\">Zamek Czocha to jedyne takie miejsce w Polsce, w kt\u00f3rym przesz\u0142o\u015b\u0107 \u0142\u0105czy si\u0119 z przysz\u0142o\u015bci\u0105. <\/p><\/div><\/div>\t\t<\/div>\n\t\t\t\t<\/div>\n\t\t\t\t<div class=\"elementor-element elementor-element-5e26548 elementor-position-left elementor-vertical-align-top elementor-widget elementor-widget-image-box\" data-id=\"5e26548\" data-element_type=\"widget\" data-widget_type=\"image-box.default\">\n\t\t\t\t<div class=\"elementor-widget-container\">\n\t\t\t<div class=\"elementor-image-box-wrapper\"><div class=\"elementor-image-box-content\"><h3 class=\"elementor-image-box-title\"><a href=\"http:\/\/violmax.pl\/index.php\/kategoria-produktu\/miasta\/zamek-grodziec\/\">ZAMEK GRODZIEC<\/a><\/h3><p class=\"elementor-image-box-description\">Zamek Grodziec \u2013 p\u00f3\u017anogotycki zamek po\u0142o\u017cony w pobli\u017cu wsi Grodziec, w gminie Zagrodno, powiecie z\u0142otoryjskim, wojew\u00f3dztwie dolno\u015bl\u0105skim, na szczycie wzniesienia o tej samej nazwie. Zosta\u0142 wybudowany na bazaltowym, powulkanicznym, stromym wzg\u00f3rzu na wysoko\u015bci 389 m n.p.m<\/p><\/div><\/div>\t\t<\/div>\n\t\t\t\t<\/div>\n\t\t\t\t<div class=\"elementor-element elementor-element-64bd2e0 elementor-position-left elementor-vertical-align-top elementor-widget elementor-widget-image-box\" data-id=\"64bd2e0\" data-element_type=\"widget\" data-widget_type=\"image-box.default\">\n\t\t\t\t<div class=\"elementor-widget-container\">\n\t\t\t<div class=\"elementor-image-box-wrapper\"><div class=\"elementor-image-box-content\"><h3 class=\"elementor-image-box-title\"><a href=\"http:\/\/violmax.pl\/index.php\/kategoria-produktu\/miasta\/zamek-ogrodzieniec\/\">Zamek Ogrodzieniec<\/a><\/h3><p class=\"elementor-image-box-description\">Zamek Ogrodzieniec \u2013 ruiny zamku le\u017c\u0105cego na Jurze Krakowsko-Cz\u0119stochowskiej, wybudowanego w systemie tzw. Orlich Gniazd, we wsi Podzamcze w wojew\u00f3dztwie \u015bl\u0105skim, w powiecie zawiercia\u0144skim, oko\u0142o 2 km na wsch\u00f3d od Ogrodzie\u0144ca. Zamek zosta\u0142 wybudowany w XIV \u2013 XV w. przez r\u00f3d W\u0142odk\u00f3w Sulimczyk\u00f3w.<\/p><\/div><\/div>\t\t<\/div>\n\t\t\t\t<\/div>\n\t\t\t\t<div class=\"elementor-element elementor-element-a173d3d elementor-position-left elementor-vertical-align-top elementor-widget elementor-widget-image-box\" data-id=\"a173d3d\" data-element_type=\"widget\" data-widget_type=\"image-box.default\">\n\t\t\t\t<div class=\"elementor-widget-container\">\n\t\t\t<div class=\"elementor-image-box-wrapper\"><div class=\"elementor-image-box-content\"><h3 class=\"elementor-image-box-title\"><a href=\"http:\/\/violmax.pl\/index.php\/kategoria-produktu\/miasta\/kazimierz-dolny\/\">PRZYK\u0141ADOWE WZORY NA INNE MIASTA<\/a><\/h3><p class=\"elementor-image-box-description\">Zapraszamy do obejrzenia przyk\u0142adowych wzor\u00f3w na inne miejscowo\u015bci. Je\u015bli nie widzisz interesuj\u0105cego Ci\u0119 miasta na powy\u017cszej li\u015bcie - prosimy o kontakt, mo\u017cemy przygotowa\u0107 projekt na ka\u017cd\u0105 miejscowo\u015b\u0107.<\/p><\/div><\/div>\t\t<\/div>\n\t\t\t\t<\/div>\n\t\t\t\t\t\t<\/div>\n\t\t\t\t\t<\/div>\n\t\t<\/div>\n\t\t\t\t\t\t\t\t<\/div>\n\t\t\t\t\t<\/div>\n\t\t<\/section>\n\t\t\t\t\t\t<\/div>\n\t\t\t\t\t\t<\/div>\n\t\t\t\t\t<\/div>\n\t\t","protected":false},"excerpt":{"rendered":"<p>Kazimierz Dolny Zielona G\u00f3ra \u2013 miasto w Polsce w wojew\u00f3dztwie lubelskim, w powiecie pu\u0142awskim, nad Wis\u0142\u0105, w Ma\u0142opolskim Prze\u0142omie Wis\u0142y, w zachodniej cz\u0119\u015bci P\u0142askowy\u017cu Na\u0142\u0119czowskiego. Pod wzgl\u0119dem historycznym Kazimierz Dolny po\u0142o\u017cony jest w Ma\u0142opolsce, pocz\u0105tkowo nale\u017ca\u0142 do ziemi sandomierskiej, a nast\u0119pnie do ziemi lubelskiej Zielona G\u00f3ra Zielona G\u00f3ra \u2013 miasto na prawach powiatu w zachodniej Polsce, najwi\u0119ksze miasto woj. lubuskiego, siedziba organ\u00f3w samorz\u0105du wojew\u00f3dztwa, marsza\u0142ka i zarz\u0105du wojew\u00f3dztwa lubuskiego i Sejmiku Wojew\u00f3dztwa Pozna\u0144 Pozna\u0144 \u2013&hellip;<\/p>\n","protected":false},"author":1,"featured_media":0,"parent":0,"menu_order":0,"comment_status":"closed","ping_status":"closed","template":"","meta":[],"_links":{"self":[{"href":"https:\/\/violmax.pl\/index.php\/wp-json\/wp\/v2\/pages\/59"}],"collection":[{"href":"https:\/\/violmax.pl\/index.php\/wp-json\/wp\/v2\/pages"}],"about":[{"href":"https:\/\/violmax.pl\/index.php\/wp-json\/wp\/v2\/types\/page"}],"author":[{"embeddable":true,"href":"https:\/\/violmax.pl\/index.php\/wp-json\/wp\/v2\/users\/1"}],"replies":[{"embeddable":true,"href":"https:\/\/violmax.pl\/index.php\/wp-json\/wp\/v2\/comments?post=59"}],"version-history":[{"count":18,"href":"https:\/\/violmax.pl\/index.php\/wp-json\/wp\/v2\/pages\/59\/revisions"}],"predecessor-version":[{"id":8429,"href":"https:\/\/violmax.pl\/index.php\/wp-json\/wp\/v2\/pages\/59\/revisions\/8429"}],"wp:attachment":[{"href":"https:\/\/violmax.pl\/index.php\/wp-json\/wp\/v2\/media?parent=59"}],"curies":[{"name":"wp","href":"https:\/\/api.w.org\/{rel}","templated":true}]}}