{"id":57,"date":"2019-08-27T18:28:28","date_gmt":"2019-08-27T16:28:28","guid":{"rendered":"http:\/\/violmax.wroclaw.pl\/?page_id=57"},"modified":"2020-08-28T11:33:03","modified_gmt":"2020-08-28T09:33:03","slug":"gory","status":"publish","type":"page","link":"https:\/\/violmax.pl\/index.php\/gory\/","title":{"rendered":"G\u00f3ry"},"content":{"rendered":"\t\t<div data-elementor-type=\"wp-post\" data-elementor-id=\"57\" class=\"elementor elementor-57\" data-elementor-settings=\"[]\">\n\t\t\t\t\t\t<div class=\"elementor-inner\">\n\t\t\t\t\t\t\t<div class=\"elementor-section-wrap\">\n\t\t\t\t\t\t\t<section class=\"elementor-section elementor-top-section elementor-element elementor-element-828e299 elementor-section-boxed elementor-section-height-default elementor-section-height-default\" data-id=\"828e299\" data-element_type=\"section\">\n\t\t\t\t\t\t<div class=\"elementor-container elementor-column-gap-default\">\n\t\t\t\t\t\t\t<div class=\"elementor-row\">\n\t\t\t\t\t<div class=\"elementor-column elementor-col-100 elementor-top-column elementor-element elementor-element-b546fd2\" data-id=\"b546fd2\" data-element_type=\"column\">\n\t\t\t<div class=\"elementor-column-wrap elementor-element-populated\">\n\t\t\t\t\t\t\t<div class=\"elementor-widget-wrap\">\n\t\t\t\t\t\t<div class=\"elementor-element elementor-element-de19a9d elementor-position-left elementor-vertical-align-top elementor-widget elementor-widget-image-box\" data-id=\"de19a9d\" data-element_type=\"widget\" data-widget_type=\"image-box.default\">\n\t\t\t\t<div class=\"elementor-widget-container\">\n\t\t\t<div class=\"elementor-image-box-wrapper\"><div class=\"elementor-image-box-content\"><h3 class=\"elementor-image-box-title\"><a href=\"http:\/\/violmax.pl\/index.php\/kategoria-produktu\/gory\/swieradow-zdroj\/\">\u015awierad\u00f3w-Zdr\u00f3j<\/a><\/h3><p class=\"elementor-image-box-description\">\u015awierad\u00f3w-Zdr\u00f3j \u2013 miasto uzdrowiskowe w wojew\u00f3dztwie dolno\u015bl\u0105skim, w powiecie luba\u0144skim. Wed\u0142ug danych z 31 marca 2011 r. miasto mia\u0142o 4498 mieszka\u0144c\u00f3w.<\/p><\/div><\/div>\t\t<\/div>\n\t\t\t\t<\/div>\n\t\t\t\t<div class=\"elementor-element elementor-element-023921b elementor-position-left elementor-vertical-align-top elementor-widget elementor-widget-image-box\" data-id=\"023921b\" data-element_type=\"widget\" data-widget_type=\"image-box.default\">\n\t\t\t\t<div class=\"elementor-widget-container\">\n\t\t\t<div class=\"elementor-image-box-wrapper\"><div class=\"elementor-image-box-content\"><h3 class=\"elementor-image-box-title\"><a href=\"http:\/\/violmax.pl\/index.php\/kategoria-produktu\/gory\/szklarska-poreba\/\">Szklarska Por\u0119ba<\/a><\/h3><p class=\"elementor-image-box-description\">Szklarska Por\u0119ba \u2013 miasto w wojew\u00f3dztwie dolno\u015bl\u0105skim, w powiecie jeleniog\u00f3rskim. Wed\u0142ug danych z 31 grudnia 2015 r. miasto mia\u0142o 6703 mieszka\u0144c\u00f3w. Prawa miejskie otrzyma\u0142a 31 grudnia 1959 r. Historycznie le\u017cy na Dolnym \u015al\u0105sku.<\/p><\/div><\/div>\t\t<\/div>\n\t\t\t\t<\/div>\n\t\t\t\t<div class=\"elementor-element elementor-element-ea36dcd elementor-position-left elementor-vertical-align-top elementor-widget elementor-widget-image-box\" data-id=\"ea36dcd\" data-element_type=\"widget\" data-widget_type=\"image-box.default\">\n\t\t\t\t<div class=\"elementor-widget-container\">\n\t\t\t<div class=\"elementor-image-box-wrapper\"><div class=\"elementor-image-box-content\"><h3 class=\"elementor-image-box-title\"><a href=\"http:\/\/violmax.pl\/index.php\/kategoria-produktu\/gory\/karpacz\/\">Karpacz<\/a><\/h3><p class=\"elementor-image-box-description\">Karpacz \u2013 miasto w wojew\u00f3dztwie dolno\u015bl\u0105skim, w powiecie jeleniog\u00f3rskim. Po\u0142o\u017cone w Sudetach Zachodnich, w dolinie rzeki \u0141omnicy. Historycznie le\u017cy na Dolnym \u015al\u0105sku. W latach 1945\u20131954 siedziba wiejskiej gminy Karpacz. W latach 1975\u20131998 miasto administracyjnie nale\u017ca\u0142o do wojew\u00f3dztwa jeleniog\u00f3rskiego.<\/p><\/div><\/div>\t\t<\/div>\n\t\t\t\t<\/div>\n\t\t\t\t<div class=\"elementor-element elementor-element-06df1e7 elementor-position-left elementor-vertical-align-top elementor-widget elementor-widget-image-box\" data-id=\"06df1e7\" data-element_type=\"widget\" data-widget_type=\"image-box.default\">\n\t\t\t\t<div class=\"elementor-widget-container\">\n\t\t\t<div class=\"elementor-image-box-wrapper\"><div class=\"elementor-image-box-content\"><h3 class=\"elementor-image-box-title\"><a href=\"http:\/\/violmax.pl\/index.php\/kategoria-produktu\/gory\/szczawno-zdroj\/\">Szczawno-Zdr\u00f3j<\/a><\/h3><p class=\"elementor-image-box-description\">Szczawno-Zdr\u00f3j \u2013 miasto uzdrowiskowe w wojew\u00f3dztwie dolno\u015bl\u0105skim, w powiecie wa\u0142brzyskim, po\u0142o\u017cone w G\u00f3rach Wa\u0142brzyskich, le\u017c\u0105ce na Dolnym \u015al\u0105sku. W latach 1975\u20131998 miasto administracyjnie nale\u017ca\u0142o do wojew\u00f3dztwa wa\u0142brzyskiego. Wed\u0142ug danych z 31 marca 2011 r. miasto mia\u0142o 5926 mieszka\u0144c\u00f3w.<\/p><\/div><\/div>\t\t<\/div>\n\t\t\t\t<\/div>\n\t\t\t\t<div class=\"elementor-element elementor-element-cd93f0f elementor-position-left elementor-vertical-align-top elementor-widget elementor-widget-image-box\" data-id=\"cd93f0f\" data-element_type=\"widget\" data-widget_type=\"image-box.default\">\n\t\t\t\t<div class=\"elementor-widget-container\">\n\t\t\t<div class=\"elementor-image-box-wrapper\"><div class=\"elementor-image-box-content\"><h3 class=\"elementor-image-box-title\"><a href=\"http:\/\/violmax.pl\/index.php\/kategoria-produktu\/gory\/walim\/\">Walim<\/a><\/h3><p class=\"elementor-image-box-description\">Walim \u2013 wie\u015b w Polsce po\u0142o\u017cona w wojew\u00f3dztwie dolno\u015bl\u0105skim, w powiecie wa\u0142brzyskim, w gminie Walim, w dolinie rzeki Walimki u zachodniego podn\u00f3\u017ca G\u00f3r Sowich.<\/p><\/div><\/div>\t\t<\/div>\n\t\t\t\t<\/div>\n\t\t\t\t<div class=\"elementor-element elementor-element-0e19286 elementor-position-left elementor-vertical-align-top elementor-widget elementor-widget-image-box\" data-id=\"0e19286\" data-element_type=\"widget\" data-widget_type=\"image-box.default\">\n\t\t\t\t<div class=\"elementor-widget-container\">\n\t\t\t<div class=\"elementor-image-box-wrapper\"><div class=\"elementor-image-box-content\"><h3 class=\"elementor-image-box-title\"><a href=\"http:\/\/violmax.pl\/index.php\/kategoria-produktu\/gory\/kudowa-zdroj\/\">Kudowa-Zdr\u00f3j <\/a><\/h3><p class=\"elementor-image-box-description\">Kudowa-Zdr\u00f3j \u2013 miasto uzdrowiskowe w Polsce po\u0142o\u017cone w wojew\u00f3dztwie dolno\u015bl\u0105skim, w powiecie k\u0142odzkim. Wed\u0142ug danych z 30 czerwca 2017 r. miasto mia\u0142o 10 069 mieszka\u0144c\u00f3w.<\/p><\/div><\/div>\t\t<\/div>\n\t\t\t\t<\/div>\n\t\t\t\t<div class=\"elementor-element elementor-element-fecdf7b elementor-position-left elementor-vertical-align-top elementor-widget elementor-widget-image-box\" data-id=\"fecdf7b\" data-element_type=\"widget\" data-widget_type=\"image-box.default\">\n\t\t\t\t<div class=\"elementor-widget-container\">\n\t\t\t<div class=\"elementor-image-box-wrapper\"><div class=\"elementor-image-box-content\"><h3 class=\"elementor-image-box-title\"><a href=\"http:\/\/violmax.pl\/index.php\/kategoria-produktu\/gory\/polanica-zdroj\/\">Polanica-Zdr\u00f3j <\/a><\/h3><p class=\"elementor-image-box-description\">Polanica-Zdr\u00f3j \u2013 miasto uzdrowiskowe w Polsce, w wojew\u00f3dztwie dolno\u015bl\u0105skim, w powiecie k\u0142odzkim. Po\u0142o\u017cona jest w dolinie Bystrzycy Dusznickiej u podn\u00f3\u017ca masywu Piekielnej G\u00f3ry, a po\u0142udniowa cz\u0119\u015b\u0107 miasta na zboczach G\u00f3r Bystrzyckich w pobli\u017cu Kamiennej G\u00f3ry. Miejscowo\u015b\u0107 nale\u017ca\u0142a do hrabstwa k\u0142odzkiego.<\/p><\/div><\/div>\t\t<\/div>\n\t\t\t\t<\/div>\n\t\t\t\t<div class=\"elementor-element elementor-element-286a5d3 elementor-position-left elementor-vertical-align-top elementor-widget elementor-widget-image-box\" data-id=\"286a5d3\" data-element_type=\"widget\" data-widget_type=\"image-box.default\">\n\t\t\t\t<div class=\"elementor-widget-container\">\n\t\t\t<div class=\"elementor-image-box-wrapper\"><div class=\"elementor-image-box-content\"><h3 class=\"elementor-image-box-title\"><a href=\"http:\/\/violmax.pl\/index.php\/kategoria-produktu\/gory\/zloty-stok\/\">z\u0142oty stok<\/a><\/h3><p class=\"elementor-image-box-description\">Z\u0142oty Stok \u2013 miasto w po\u0142udniowo-zachodniej Polsce, le\u017c\u0105ce na \u015al\u0105sku, w wojew\u00f3dztwie dolno\u015bl\u0105skim, w powiecie z\u0105bkowickim, siedziba gminy miejsko-wiejskiej Z\u0142oty Stok. Z\u0142oty Stok jest najstarszym o\u015brodkiem g\u00f3rniczo-hutniczym w Polsce. Ostatni\u0105 kopalni\u0119 zamkni\u0119to w 1961<\/p><\/div><\/div>\t\t<\/div>\n\t\t\t\t<\/div>\n\t\t\t\t<div class=\"elementor-element elementor-element-e3f5736 elementor-position-left elementor-vertical-align-top elementor-widget elementor-widget-image-box\" data-id=\"e3f5736\" data-element_type=\"widget\" data-widget_type=\"image-box.default\">\n\t\t\t\t<div class=\"elementor-widget-container\">\n\t\t\t<div class=\"elementor-image-box-wrapper\"><div class=\"elementor-image-box-content\"><h3 class=\"elementor-image-box-title\"><a href=\"http:\/\/violmax.pl\/index.php\/kategoria-produktu\/gory\/ladek-zdroj\/\">L\u0105dek-Zdr\u00f3j<\/a><\/h3><p class=\"elementor-image-box-description\">L\u0105dek-Zdr\u00f3j \u2013 miasto w Polsce po\u0142o\u017cone w wojew\u00f3dztwie dolno\u015bl\u0105skim, w powiecie k\u0142odzkim, siedziba gminy miejsko-wiejskiej L\u0105dek-Zdr\u00f3j. Po\u0142o\u017cone w Sudetach Wschodnich, w dolinie rzeki Bia\u0142ej L\u0105deckiej. Wed\u0142ug danych z 31 marca 2011 r. miasto mia\u0142o 6091 mieszka\u0144c\u00f3w.<\/p><\/div><\/div>\t\t<\/div>\n\t\t\t\t<\/div>\n\t\t\t\t<div class=\"elementor-element elementor-element-4961e5c elementor-position-left elementor-vertical-align-top elementor-widget elementor-widget-image-box\" data-id=\"4961e5c\" data-element_type=\"widget\" data-widget_type=\"image-box.default\">\n\t\t\t\t<div class=\"elementor-widget-container\">\n\t\t\t<div class=\"elementor-image-box-wrapper\"><div class=\"elementor-image-box-content\"><h3 class=\"elementor-image-box-title\"><a href=\"http:\/\/violmax.pl\/index.php\/kategoria-produktu\/gory\/ustron\/\">Ustro\u0144<\/a><\/h3><p class=\"elementor-image-box-description\">Ustro\u0144 wymowa \u2013 miasto w po\u0142udniowej Polsce, w wojew\u00f3dztwie \u015bl\u0105skim, w powiecie cieszy\u0144skim, uzdrowisko, o\u015brodek wczasowy i wypoczynkowy. Wed\u0142ug danych z 30 czerwca 2014 miasto mia\u0142o 16 005 mieszka\u0144c\u00f3w.<\/p><\/div><\/div>\t\t<\/div>\n\t\t\t\t<\/div>\n\t\t\t\t<div class=\"elementor-element elementor-element-7d998f2 elementor-position-left elementor-vertical-align-top elementor-widget elementor-widget-image-box\" data-id=\"7d998f2\" data-element_type=\"widget\" data-widget_type=\"image-box.default\">\n\t\t\t\t<div class=\"elementor-widget-container\">\n\t\t\t<div class=\"elementor-image-box-wrapper\"><div class=\"elementor-image-box-content\"><h3 class=\"elementor-image-box-title\"><a href=\"http:\/\/violmax.pl\/index.php\/kategoria-produktu\/gory\/wisla\/\">Wis\u0142a<\/a><\/h3><p class=\"elementor-image-box-description\">Wis\u0142a \u2013 miasto w po\u0142udniowej Polsce, w wojew\u00f3dztwie \u015bl\u0105skim, w powiecie cieszy\u0144skim. O\u015brodek wypoczynkowy, turystyczny, sportowy i luteranizmu w Polsce. Na administracyjnym terenie miasta swoje \u017ar\u00f3d\u0142a ma najwi\u0119ksza polska rzeka o tej samej nazwie \u2013 Wis\u0142a<\/p><\/div><\/div>\t\t<\/div>\n\t\t\t\t<\/div>\n\t\t\t\t<div class=\"elementor-element elementor-element-29eed70 elementor-position-left elementor-vertical-align-top elementor-widget elementor-widget-image-box\" data-id=\"29eed70\" data-element_type=\"widget\" data-widget_type=\"image-box.default\">\n\t\t\t\t<div class=\"elementor-widget-container\">\n\t\t\t<div class=\"elementor-image-box-wrapper\"><div class=\"elementor-image-box-content\"><h3 class=\"elementor-image-box-title\"><a href=\"http:\/\/violmax.pl\/index.php\/kategoria-produktu\/gory\/szczyrk\/\">Szczyrk<\/a><\/h3><p class=\"elementor-image-box-description\">Szczyrk \u2013 miasto w po\u0142udniowej Polsce, w wojew\u00f3dztwie \u015bl\u0105skim, w powiecie bielskim. Miasto o charakterze turystyczno-wypoczynkowym. Wed\u0142ug danych z 31 grudnia 2016 roku miasto mia\u0142o 5734 mieszka\u0144c\u00f3w<\/p><\/div><\/div>\t\t<\/div>\n\t\t\t\t<\/div>\n\t\t\t\t<div class=\"elementor-element elementor-element-60f8cce elementor-position-left elementor-vertical-align-top elementor-widget elementor-widget-image-box\" data-id=\"60f8cce\" data-element_type=\"widget\" data-widget_type=\"image-box.default\">\n\t\t\t\t<div class=\"elementor-widget-container\">\n\t\t\t<div class=\"elementor-image-box-wrapper\"><div class=\"elementor-image-box-content\"><h3 class=\"elementor-image-box-title\"><a href=\"http:\/\/violmax.pl\/index.php\/kategoria-produktu\/gory\/bialka-tatrzanska\/\">Bia\u0142ka Tatrza\u0144ska<\/a><\/h3><p class=\"elementor-image-box-description\">Bia\u0142ka Tatrza\u0144ska \u2013 wie\u015b podhala\u0144ska w po\u0142udniowej Polsce po\u0142o\u017cona w wojew\u00f3dztwie ma\u0142opolskim, w powiecie tatrza\u0144skim, w gminie Bukowina Tatrza\u0144ska, nad Bia\u0142k\u0105 oraz w ci\u0105gu drogi krajowej nr 49. Wed\u0142ug danych z 31 grudnia 2012 r. so\u0142ectwo Bia\u0142ka Tatrza\u0144ska mia\u0142o 2207 sta\u0142ych mieszka\u0144c\u00f3w.<\/p><\/div><\/div>\t\t<\/div>\n\t\t\t\t<\/div>\n\t\t\t\t<div class=\"elementor-element elementor-element-0a7506d elementor-position-left elementor-vertical-align-top elementor-widget elementor-widget-image-box\" data-id=\"0a7506d\" data-element_type=\"widget\" data-widget_type=\"image-box.default\">\n\t\t\t\t<div class=\"elementor-widget-container\">\n\t\t\t<div class=\"elementor-image-box-wrapper\"><div class=\"elementor-image-box-content\"><h3 class=\"elementor-image-box-title\"><a href=\"http:\/\/violmax.pl\/index.php\/kategoria-produktu\/gory\/bukowina-tatrzanska\/\">Bukowina Tatrza\u0144ska<\/a><\/h3><p class=\"elementor-image-box-description\">Bukowina Tatrza\u0144ska \u2013 wie\u015b podhala\u0144ska w Polsce po\u0142o\u017cona w wojew\u00f3dztwie ma\u0142opolskim, w powiecie tatrza\u0144skim, w gminie Bukowina Tatrza\u0144ska. W latach 1975\u20131998 miejscowo\u015b\u0107 nale\u017ca\u0142a do wojew\u00f3dztwa nowos\u0105deckiego. Wed\u0142ug danych z 31 grudnia 2012 r. so\u0142ectwo Bukowina Tatrza\u0144ska mia\u0142o 2976 sta\u0142ych mieszka\u0144c\u00f3w. <\/p><\/div><\/div>\t\t<\/div>\n\t\t\t\t<\/div>\n\t\t\t\t<div class=\"elementor-element elementor-element-5a538bf elementor-position-left elementor-vertical-align-top elementor-widget elementor-widget-image-box\" data-id=\"5a538bf\" data-element_type=\"widget\" data-widget_type=\"image-box.default\">\n\t\t\t\t<div class=\"elementor-widget-container\">\n\t\t\t<div class=\"elementor-image-box-wrapper\"><div class=\"elementor-image-box-content\"><h3 class=\"elementor-image-box-title\"><a href=\"http:\/\/violmax.pl\/index.php\/kategoria-produktu\/gory\/zakopane\/\">Zakopane<\/a><\/h3><p class=\"elementor-image-box-description\">Zakopane \u2013 miasto w po\u0142udniowej Polsce, w wojew\u00f3dztwie ma\u0142opolskim, siedziba powiatu tatrza\u0144skiego. Najwi\u0119ksza miejscowo\u015b\u0107 w bezpo\u015brednim otoczeniu Tatr, du\u017cy o\u015brodek sport\u00f3w zimowych, potocznie nazywany zimow\u0105 stolic\u0105 Polski.<\/p><\/div><\/div>\t\t<\/div>\n\t\t\t\t<\/div>\n\t\t\t\t<div class=\"elementor-element elementor-element-4348f7b elementor-position-left elementor-vertical-align-top elementor-widget elementor-widget-image-box\" data-id=\"4348f7b\" data-element_type=\"widget\" data-widget_type=\"image-box.default\">\n\t\t\t\t<div class=\"elementor-widget-container\">\n\t\t\t<div class=\"elementor-image-box-wrapper\"><div class=\"elementor-image-box-content\"><h3 class=\"elementor-image-box-title\"><a href=\"http:\/\/violmax.pl\/index.php\/kategoria-produktu\/gory\/szczawnica\/\">Szczawnica<\/a><\/h3><p class=\"elementor-image-box-description\">Szczawnica \u2013 miasto uzdrowiskowe w wojew\u00f3dztwie ma\u0142opolskim, w powiecie nowotarskim, siedziba w\u0142adz gminy miejsko-wiejskiej Szczawnica. Po\u0142o\u017cone na pograniczu Beskid\u00f3w Zachodnich i Pienin, nad potokiem Grajcarkiem.<\/p><\/div><\/div>\t\t<\/div>\n\t\t\t\t<\/div>\n\t\t\t\t<div class=\"elementor-element elementor-element-fc1de59 elementor-position-left elementor-vertical-align-top elementor-widget elementor-widget-image-box\" data-id=\"fc1de59\" data-element_type=\"widget\" data-widget_type=\"image-box.default\">\n\t\t\t\t<div class=\"elementor-widget-container\">\n\t\t\t<div class=\"elementor-image-box-wrapper\"><div class=\"elementor-image-box-content\"><h3 class=\"elementor-image-box-title\"><a href=\"http:\/\/violmax.pl\/index.php\/kategoria-produktu\/gory\/krynica-zdroj\/\">Krynica-Zdr\u00f3j<\/a><\/h3><p class=\"elementor-image-box-description\">Krynica-Zdr\u00f3j \u2013 miasto w wojew\u00f3dztwie ma\u0142opolskim, w powiecie nowos\u0105deckim, siedziba gminy miejsko-wiejskiej Krynica-Zdr\u00f3j. Wed\u0142ug danych z 1 stycznia 2018 roku miasto liczy\u0142o 10 757 mieszka\u0144c\u00f3w.<\/p><\/div><\/div>\t\t<\/div>\n\t\t\t\t<\/div>\n\t\t\t\t<div class=\"elementor-element elementor-element-349d126 elementor-position-left elementor-vertical-align-top elementor-widget elementor-widget-image-box\" data-id=\"349d126\" data-element_type=\"widget\" data-widget_type=\"image-box.default\">\n\t\t\t\t<div class=\"elementor-widget-container\">\n\t\t\t<div class=\"elementor-image-box-wrapper\"><div class=\"elementor-image-box-content\"><h3 class=\"elementor-image-box-title\"><a href=\"http:\/\/violmax.pl\/index.php\/kategoria-produktu\/gory\/iwonicz-zdroj\/\">Iwonicz-Zdr\u00f3j <\/a><\/h3><p class=\"elementor-image-box-description\">Iwonicz-Zdr\u00f3j \u2013 miasto w wojew\u00f3dztwie podkarpackim, w powiecie kro\u015bnie\u0144skim, siedziba gminy miejsko-wiejskiej Iwonicz-Zdr\u00f3j. Le\u017cy w historycznej ziemi sanockiej. Iwonicz-Zdr\u00f3j to jedno z najstarszych polskich uzdrowisk znane od 1578. W latach 1975\u20131998 miasto administracyjnie nale\u017ca\u0142o do wojew\u00f3dztwa kro\u015bnie\u0144skiego.<\/p><\/div><\/div>\t\t<\/div>\n\t\t\t\t<\/div>\n\t\t\t\t<div class=\"elementor-element elementor-element-f5a11a2 elementor-position-left elementor-vertical-align-top elementor-widget elementor-widget-image-box\" data-id=\"f5a11a2\" data-element_type=\"widget\" data-widget_type=\"image-box.default\">\n\t\t\t\t<div class=\"elementor-widget-container\">\n\t\t\t<div class=\"elementor-image-box-wrapper\"><div class=\"elementor-image-box-content\"><h3 class=\"elementor-image-box-title\"><a href=\"http:\/\/violmax.pl\/index.php\/kategoria-produktu\/gory\/rymanow-zdroj\/\">Ryman\u00f3w-Zdr\u00f3j<\/a><\/h3><p class=\"elementor-image-box-description\">Ryman\u00f3w-Zdr\u00f3j \u2013 wie\u015b uzdrowiskowa w po\u0142udniowo-wschodniej Polsce, po\u0142o\u017cona w wojew\u00f3dztwie podkarpackim, w powiecie kro\u015bnie\u0144skim, w gminie Ryman\u00f3w. Le\u017cy nad rzek\u0105 Tabor, ok. 2 km na po\u0142udnie od miasta Ryman\u00f3w, przy DW887. W latach 1975\u20131998 miejscowo\u015b\u0107 po\u0142o\u017cona by\u0142a w wojew\u00f3dztwie kro\u015bnie\u0144skim.<\/p><\/div><\/div>\t\t<\/div>\n\t\t\t\t<\/div>\n\t\t\t\t<div class=\"elementor-element elementor-element-4ec72ea elementor-position-left elementor-vertical-align-top elementor-widget elementor-widget-image-box\" data-id=\"4ec72ea\" data-element_type=\"widget\" data-widget_type=\"image-box.default\">\n\t\t\t\t<div class=\"elementor-widget-container\">\n\t\t\t<div class=\"elementor-image-box-wrapper\"><div class=\"elementor-image-box-content\"><h3 class=\"elementor-image-box-title\"><a href=\"http:\/\/violmax.pl\/index.php\/kategoria-produktu\/gory\/bieszczady\/\">Bieszczady<\/a><\/h3><p class=\"elementor-image-box-description\">Bieszczady \u2013 grupa dw\u00f3ch pasm g\u00f3rskich w \u0142a\u0144cuchu Karpat. Pasma Bieszczad\u00f3w znajduj\u0105 si\u0119 mi\u0119dzy Prze\u0142\u0119cz\u0105 \u0141upkowsk\u0105 a Prze\u0142\u0119cz\u0105 Wyszkowsk\u0105. Najwy\u017cszy szczyt Bieszczad\u00f3w to Pikuj za\u015b na terytorium Polski \u2013 Tarnica. Dziel\u0105 si\u0119 na: Bieszczady Zachodnie Bieszczady Wschodnie<\/p><\/div><\/div>\t\t<\/div>\n\t\t\t\t<\/div>\n\t\t\t\t<div class=\"elementor-element elementor-element-3d988c4 elementor-position-left elementor-vertical-align-top elementor-widget elementor-widget-image-box\" data-id=\"3d988c4\" data-element_type=\"widget\" data-widget_type=\"image-box.default\">\n\t\t\t\t<div class=\"elementor-widget-container\">\n\t\t\t<div class=\"elementor-image-box-wrapper\"><div class=\"elementor-image-box-content\"><h3 class=\"elementor-image-box-title\"><a href=\"http:\/\/violmax.pl\/index.php\/kategoria-produktu\/gory\/solina\/\">Solina<\/a><\/h3><p class=\"elementor-image-box-description\">Solina jest niewielk\u0105 miejscowo\u015bci\u0105 po\u0142o\u017con\u0105 w wojew\u00f3dztwie podkarpackim, tu\u017c obok Jeziora Soli\u0144skiego, czyli sztucznego zbiornika retencyjnego<\/p><\/div><\/div>\t\t<\/div>\n\t\t\t\t<\/div>\n\t\t\t\t<div class=\"elementor-element elementor-element-d2784b5 elementor-position-left elementor-vertical-align-top elementor-widget elementor-widget-image-box\" data-id=\"d2784b5\" data-element_type=\"widget\" data-widget_type=\"image-box.default\">\n\t\t\t\t<div class=\"elementor-widget-container\">\n\t\t\t<div class=\"elementor-image-box-wrapper\"><div class=\"elementor-image-box-content\"><h3 class=\"elementor-image-box-title\"><a href=\"http:\/\/violmax.pl\/index.php\/kategoria-produktu\/gory\/polanczyk\/\">Pola\u0144czyk <\/a><\/h3><p class=\"elementor-image-box-description\">Pola\u0144czyk \u2013 wie\u015b wczasowo-uzdrowiskowa w Polsce po\u0142o\u017cona w wojew\u00f3dztwie podkarpackim, w powiecie leskim, w gminie Solina. Od 30 grudnia 1999 Pola\u0144czyk jest siedzib\u0105 w\u0142adz gminy Solina. Po\u0142o\u017cony na zachodnim brzegu Jeziora Soli\u0144skiego.<\/p><\/div><\/div>\t\t<\/div>\n\t\t\t\t<\/div>\n\t\t\t\t\t\t<\/div>\n\t\t\t\t\t<\/div>\n\t\t<\/div>\n\t\t\t\t\t\t\t\t<\/div>\n\t\t\t\t\t<\/div>\n\t\t<\/section>\n\t\t\t\t\t\t<\/div>\n\t\t\t\t\t\t<\/div>\n\t\t\t\t\t<\/div>\n\t\t","protected":false},"excerpt":{"rendered":"<p>\u015awierad\u00f3w-Zdr\u00f3j \u015awierad\u00f3w-Zdr\u00f3j \u2013 miasto uzdrowiskowe w wojew\u00f3dztwie dolno\u015bl\u0105skim, w powiecie luba\u0144skim. Wed\u0142ug danych z 31 marca 2011 r. miasto mia\u0142o 4498 mieszka\u0144c\u00f3w. Szklarska Por\u0119ba Szklarska Por\u0119ba \u2013 miasto w wojew\u00f3dztwie dolno\u015bl\u0105skim, w powiecie jeleniog\u00f3rskim. Wed\u0142ug danych z 31 grudnia 2015 r. miasto mia\u0142o 6703 mieszka\u0144c\u00f3w. Prawa miejskie otrzyma\u0142a 31 grudnia 1959 r. Historycznie le\u017cy na Dolnym \u015al\u0105sku. Karpacz Karpacz \u2013 miasto w wojew\u00f3dztwie dolno\u015bl\u0105skim, w powiecie jeleniog\u00f3rskim. Po\u0142o\u017cone w Sudetach Zachodnich, w dolinie rzeki \u0141omnicy.&hellip;<\/p>\n","protected":false},"author":1,"featured_media":0,"parent":0,"menu_order":0,"comment_status":"closed","ping_status":"closed","template":"","meta":[],"_links":{"self":[{"href":"https:\/\/violmax.pl\/index.php\/wp-json\/wp\/v2\/pages\/57"}],"collection":[{"href":"https:\/\/violmax.pl\/index.php\/wp-json\/wp\/v2\/pages"}],"about":[{"href":"https:\/\/violmax.pl\/index.php\/wp-json\/wp\/v2\/types\/page"}],"author":[{"embeddable":true,"href":"https:\/\/violmax.pl\/index.php\/wp-json\/wp\/v2\/users\/1"}],"replies":[{"embeddable":true,"href":"https:\/\/violmax.pl\/index.php\/wp-json\/wp\/v2\/comments?post=57"}],"version-history":[{"count":20,"href":"https:\/\/violmax.pl\/index.php\/wp-json\/wp\/v2\/pages\/57\/revisions"}],"predecessor-version":[{"id":5141,"href":"https:\/\/violmax.pl\/index.php\/wp-json\/wp\/v2\/pages\/57\/revisions\/5141"}],"wp:attachment":[{"href":"https:\/\/violmax.pl\/index.php\/wp-json\/wp\/v2\/media?parent=57"}],"curies":[{"name":"wp","href":"https:\/\/api.w.org\/{rel}","templated":true}]}}