{"id":56,"date":"2019-08-27T18:28:28","date_gmt":"2019-08-27T16:28:28","guid":{"rendered":"http:\/\/violmax.wroclaw.pl\/?page_id=56"},"modified":"2023-06-08T13:46:21","modified_gmt":"2023-06-08T11:46:21","slug":"morze","status":"publish","type":"page","link":"https:\/\/violmax.pl\/index.php\/morze\/","title":{"rendered":"Morze"},"content":{"rendered":"\t\t<div data-elementor-type=\"wp-post\" data-elementor-id=\"56\" class=\"elementor elementor-56\" data-elementor-settings=\"[]\">\n\t\t\t\t\t\t<div class=\"elementor-inner\">\n\t\t\t\t\t\t\t<div class=\"elementor-section-wrap\">\n\t\t\t\t\t\t\t<section class=\"elementor-section elementor-top-section elementor-element elementor-element-f14e8db elementor-section-boxed elementor-section-height-default elementor-section-height-default\" data-id=\"f14e8db\" data-element_type=\"section\">\n\t\t\t\t\t\t<div class=\"elementor-container elementor-column-gap-default\">\n\t\t\t\t\t\t\t<div class=\"elementor-row\">\n\t\t\t\t\t<div class=\"elementor-column elementor-col-100 elementor-top-column elementor-element elementor-element-f502674\" data-id=\"f502674\" data-element_type=\"column\">\n\t\t\t<div class=\"elementor-column-wrap elementor-element-populated\">\n\t\t\t\t\t\t\t<div class=\"elementor-widget-wrap\">\n\t\t\t\t\t\t<div class=\"elementor-element elementor-element-e5d666d elementor-position-left elementor-vertical-align-top elementor-widget elementor-widget-image-box\" data-id=\"e5d666d\" data-element_type=\"widget\" data-widget_type=\"image-box.default\">\n\t\t\t\t<div class=\"elementor-widget-container\">\n\t\t\t<div class=\"elementor-image-box-wrapper\"><div class=\"elementor-image-box-content\"><h3 class=\"elementor-image-box-title\"><a href=\"http:\/\/violmax.pl\/index.php\/kategoria-produktu\/morze\/inne-miejscowosci-nadmorskie\/\">Przyk\u0142ady wzor\u00f3w uniwersalnych na miejscowo\u015bci nadmorskie<\/a><\/h3><\/div><\/div>\t\t<\/div>\n\t\t\t\t<\/div>\n\t\t\t\t<div class=\"elementor-element elementor-element-fba0076 elementor-position-left elementor-vertical-align-top elementor-widget elementor-widget-image-box\" data-id=\"fba0076\" data-element_type=\"widget\" data-widget_type=\"image-box.default\">\n\t\t\t\t<div class=\"elementor-widget-container\">\n\t\t\t<div class=\"elementor-image-box-wrapper\"><div class=\"elementor-image-box-content\"><h3 class=\"elementor-image-box-title\"><a href=\"http:\/\/violmax.pl\/index.php\/kategoria-produktu\/morze\/swinoujscie\/\">\u015awinouj\u015bcie<\/a><\/h3><p class=\"elementor-image-box-description\">\u015awinouj\u015bcie \u2013 miasto na prawach powiatu, uzdrowisko w p\u00f3\u0142nocno-zachodnim kra\u0144cu Polski, najdalej wysuni\u0119te na p\u00f3\u0142nocny zach\u00f3d miasto w kraju, w wojew\u00f3dztwie zachodniopomorskim z portem morskim <\/p><\/div><\/div>\t\t<\/div>\n\t\t\t\t<\/div>\n\t\t\t\t<div class=\"elementor-element elementor-element-64b326c elementor-position-left elementor-vertical-align-top elementor-widget elementor-widget-image-box\" data-id=\"64b326c\" data-element_type=\"widget\" data-widget_type=\"image-box.default\">\n\t\t\t\t<div class=\"elementor-widget-container\">\n\t\t\t<div class=\"elementor-image-box-wrapper\"><div class=\"elementor-image-box-content\"><h3 class=\"elementor-image-box-title\"><a href=\"http:\/\/violmax.pl\/index.php\/kategoria-produktu\/morze\/miedzyzdroje\/\">Mi\u0119dzyzdroje <\/a><\/h3><p class=\"elementor-image-box-description\">Mi\u0119dzyzdroje \u2013 miasto w p\u00f3\u0142nocno-zachodniej Polsce, w wojew\u00f3dztwie zachodniopomorskim, w powiecie kamie\u0144skim, siedziba gminy miejsko-wiejskiej Mi\u0119dzyzdroje, po\u0142o\u017cone nad Morzem Ba\u0142tyckim, na wyspie Wolin. Wed\u0142ug danych z 31 grudnia 2010 miasto liczy\u0142o 5479 mieszka\u0144c\u00f3w.<\/p><\/div><\/div>\t\t<\/div>\n\t\t\t\t<\/div>\n\t\t\t\t<div class=\"elementor-element elementor-element-f460530 elementor-position-left elementor-vertical-align-top elementor-widget elementor-widget-image-box\" data-id=\"f460530\" data-element_type=\"widget\" data-widget_type=\"image-box.default\">\n\t\t\t\t<div class=\"elementor-widget-container\">\n\t\t\t<div class=\"elementor-image-box-wrapper\"><div class=\"elementor-image-box-content\"><h3 class=\"elementor-image-box-title\"><a href=\"http:\/\/violmax.pl\/index.php\/kategoria-produktu\/morze\/niechorze\/\">Niechorze<\/a><\/h3><p class=\"elementor-image-box-description\">Niechorze \u2013 wie\u015b so\u0142ecka w p\u00f3\u0142nocno-zachodniej Polsce, po\u0142o\u017cona w wojew\u00f3dztwie zachodniopomorskim, w powiecie gryfickim, w gminie Rewal. Le\u017cy na Pobrze\u017cu Szczeci\u0144skim, Wybrze\u017cu Trzebiatowskim, nad Morzem Ba\u0142tyckim na p\u00f3\u0142nocy i jeziorem Liwia \u0141u\u017ca na po\u0142udniu.<\/p><\/div><\/div>\t\t<\/div>\n\t\t\t\t<\/div>\n\t\t\t\t<div class=\"elementor-element elementor-element-be98d85 elementor-position-left elementor-vertical-align-top elementor-widget elementor-widget-image-box\" data-id=\"be98d85\" data-element_type=\"widget\" data-widget_type=\"image-box.default\">\n\t\t\t\t<div class=\"elementor-widget-container\">\n\t\t\t<div class=\"elementor-image-box-wrapper\"><div class=\"elementor-image-box-content\"><h3 class=\"elementor-image-box-title\"><a href=\"http:\/\/violmax.pl\/index.php\/kategoria-produktu\/morze\/kolobrzeg\/\">Ko\u0142obrzeg <\/a><\/h3><p class=\"elementor-image-box-description\">Ko\u0142obrzeg \u2013 miasto w p\u00f3\u0142nocno-zachodniej Polsce, w p\u00f3\u0142nocnej cz\u0119\u015bci wojew\u00f3dztwa zachodniopomorskiego, w powiecie ko\u0142obrzeskim, po\u0142o\u017cone na Pomorzu Zachodnim, u uj\u015bcia rzeki Pars\u0119ty, nad Morzem Ba\u0142tyckim, przy drodze krajowej nr 11. Czwarty o\u015brodek miejski wojew\u00f3dztwa, uzdrowisko z trzema letnimi k\u0105pieliskami morskimi.<\/p><\/div><\/div>\t\t<\/div>\n\t\t\t\t<\/div>\n\t\t\t\t<div class=\"elementor-element elementor-element-e861fec elementor-position-left elementor-vertical-align-top elementor-widget elementor-widget-image-box\" data-id=\"e861fec\" data-element_type=\"widget\" data-widget_type=\"image-box.default\">\n\t\t\t\t<div class=\"elementor-widget-container\">\n\t\t\t<div class=\"elementor-image-box-wrapper\"><div class=\"elementor-image-box-content\"><h3 class=\"elementor-image-box-title\"><a href=\"http:\/\/violmax.pl\/index.php\/kategoria-produktu\/morze\/mielno\/\">Mielno <\/a><\/h3><p class=\"elementor-image-box-description\">Mielno \u2013 miasto w p\u00f3\u0142nocno-zachodniej Polsce w wojew\u00f3dztwie zachodniopomorskim, w powiecie koszali\u0144skim, siedziba gminy Mielno. Po\u0142o\u017cone nad Morzem Ba\u0142tyckim i jeziorem Jamno, na Wybrze\u017cu S\u0142owi\u0144skim. Miasto z dwoma letnimi k\u0105pieliskami morskimi i przystani\u0105 ryback\u0105 na osiedlu Unie\u015bcie.<\/p><\/div><\/div>\t\t<\/div>\n\t\t\t\t<\/div>\n\t\t\t\t<div class=\"elementor-element elementor-element-10b2c32 elementor-position-left elementor-vertical-align-top elementor-widget elementor-widget-image-box\" data-id=\"10b2c32\" data-element_type=\"widget\" data-widget_type=\"image-box.default\">\n\t\t\t\t<div class=\"elementor-widget-container\">\n\t\t\t<div class=\"elementor-image-box-wrapper\"><div class=\"elementor-image-box-content\"><h3 class=\"elementor-image-box-title\"><a href=\"http:\/\/violmax.pl\/index.php\/kategoria-produktu\/morze\/darlowko\/\">Dar\u0142\u00f3wko<\/a><\/h3><p class=\"elementor-image-box-description\">Dar\u0142\u00f3wko \u2013 nadmorska cz\u0119\u015b\u0107 miasta Dar\u0142owa i osiedle samorz\u0105dowe u uj\u015bcia rzeki Wieprzy do Ba\u0142tyku, na Wybrze\u017cu S\u0142owi\u0144skim. Dar\u0142\u00f3wko pe\u0142ni w sezonie letnim funkcj\u0119 turystyczno-wypoczynkow\u0105.<\/p><\/div><\/div>\t\t<\/div>\n\t\t\t\t<\/div>\n\t\t\t\t<div class=\"elementor-element elementor-element-c6b8cb5 elementor-position-left elementor-vertical-align-top elementor-widget elementor-widget-image-box\" data-id=\"c6b8cb5\" data-element_type=\"widget\" data-widget_type=\"image-box.default\">\n\t\t\t\t<div class=\"elementor-widget-container\">\n\t\t\t<div class=\"elementor-image-box-wrapper\"><div class=\"elementor-image-box-content\"><h3 class=\"elementor-image-box-title\"><a href=\"http:\/\/violmax.pl\/index.php\/kategoria-produktu\/morze\/jaroslawiec\/\">Jaros\u0142awiec <\/a><\/h3><p class=\"elementor-image-box-description\">Jaros\u0142awiec \u2013 wie\u015b w p\u00f3\u0142nocnej Polsce, na Wybrze\u017cu S\u0142owi\u0144skim, po\u0142o\u017cona w wojew\u00f3dztwie zachodniopomorskim, w powiecie s\u0142awie\u0144skim, w gminie Postomino.<\/p><\/div><\/div>\t\t<\/div>\n\t\t\t\t<\/div>\n\t\t\t\t<div class=\"elementor-element elementor-element-9adc4c8 elementor-position-left elementor-vertical-align-top elementor-widget elementor-widget-image-box\" data-id=\"9adc4c8\" data-element_type=\"widget\" data-widget_type=\"image-box.default\">\n\t\t\t\t<div class=\"elementor-widget-container\">\n\t\t\t<div class=\"elementor-image-box-wrapper\"><div class=\"elementor-image-box-content\"><h3 class=\"elementor-image-box-title\"><a href=\"http:\/\/violmax.pl\/index.php\/kategoria-produktu\/morze\/ustka\/\">Ustka<\/a><\/h3><p class=\"elementor-image-box-description\">Ustka \u2013 miasto w p\u00f3\u0142nocnej Polsce, w wojew\u00f3dztwie pomorskim, w powiecie s\u0142upskim, siedziba gminy wiejskiej Ustka, na historycznym Pomorzu Zachodnim. Ustka jest po\u0142o\u017cona na Wybrze\u017cu S\u0142owi\u0144skim, u uj\u015bcia rzeki S\u0142upi do Morza Ba\u0142tyckiego. Jest miastem portowym, uzdrowiskiem z dwoma letnimi k\u0105pieliskami morskimi.<\/p><\/div><\/div>\t\t<\/div>\n\t\t\t\t<\/div>\n\t\t\t\t<div class=\"elementor-element elementor-element-8540eaa elementor-position-left elementor-vertical-align-top elementor-widget elementor-widget-image-box\" data-id=\"8540eaa\" data-element_type=\"widget\" data-widget_type=\"image-box.default\">\n\t\t\t\t<div class=\"elementor-widget-container\">\n\t\t\t<div class=\"elementor-image-box-wrapper\"><div class=\"elementor-image-box-content\"><h3 class=\"elementor-image-box-title\"><a href=\"http:\/\/violmax.pl\/index.php\/kategoria-produktu\/morze\/leba\/\">\u0141eba<\/a><\/h3><p class=\"elementor-image-box-description\">\u0141eba \u2013 miasto w p\u00f3\u0142nocnej Polsce, w wojew\u00f3dztwie pomorskim, w powiecie l\u0119borskim, po\u0142o\u017cone na Wybrze\u017cu S\u0142owi\u0144skim, nad rzekami \u0141eb\u0105 i Che\u0142stem, miejscowo\u015b\u0107 wypoczynkowa z portem morskim i k\u0105pieliskami. Wed\u0142ug danych z 1 stycznia 2018 \u0141eba liczy\u0142a 3694 mieszka\u0144c\u00f3w.<\/p><\/div><\/div>\t\t<\/div>\n\t\t\t\t<\/div>\n\t\t\t\t<div class=\"elementor-element elementor-element-f0541b9 elementor-position-left elementor-vertical-align-top elementor-widget elementor-widget-image-box\" data-id=\"f0541b9\" data-element_type=\"widget\" data-widget_type=\"image-box.default\">\n\t\t\t\t<div class=\"elementor-widget-container\">\n\t\t\t<div class=\"elementor-image-box-wrapper\"><div class=\"elementor-image-box-content\"><h3 class=\"elementor-image-box-title\"><a href=\"http:\/\/violmax.pl\/index.php\/kategoria-produktu\/morze\/wladyslawowo\/\">W\u0142adys\u0142awowo<\/a><\/h3><p class=\"elementor-image-box-description\">W\u0142adys\u0142awowo \u2013 miasto w p\u00f3\u0142nocnej Polsce, w wojew\u00f3dztwie pomorskim, w powiecie puckim, w gminie W\u0142adys\u0142awowo. Po\u0142o\u017cone na Pobrze\u017cu Gda\u0144skim, nad Morzem Ba\u0142tyckim i Zatok\u0105 Puck\u0105. Mie\u015bci si\u0119 tutaj port morski.<\/p><\/div><\/div>\t\t<\/div>\n\t\t\t\t<\/div>\n\t\t\t\t<div class=\"elementor-element elementor-element-040defe elementor-position-left elementor-vertical-align-top elementor-widget elementor-widget-image-box\" data-id=\"040defe\" data-element_type=\"widget\" data-widget_type=\"image-box.default\">\n\t\t\t\t<div class=\"elementor-widget-container\">\n\t\t\t<div class=\"elementor-image-box-wrapper\"><div class=\"elementor-image-box-content\"><h3 class=\"elementor-image-box-title\"><a href=\"http:\/\/violmax.pl\/index.php\/kategoria-produktu\/morze\/hel\/\">Hel <\/a><\/h3><p class=\"elementor-image-box-description\">Hel \u2013 miasto w wojew\u00f3dztwie pomorskim, w powiecie puckim, po\u0142o\u017cone na cyplu Mierzei Helskiej nad Morzem Ba\u0142tyckim. O\u015brodek turystyczny i k\u0105pielisko nadmorskie, o\u015brodek rybo\u0142\u00f3wstwa, garnizon Marynarki Wojennej z portem wojennym. Port morski Hel ma przysta\u0144 ryback\u0105, jachtow\u0105 i \u017ceglugi pasa\u017cerskiej.<\/p><\/div><\/div>\t\t<\/div>\n\t\t\t\t<\/div>\n\t\t\t\t<div class=\"elementor-element elementor-element-c7f510a elementor-position-left elementor-vertical-align-top elementor-widget elementor-widget-image-box\" data-id=\"c7f510a\" data-element_type=\"widget\" data-widget_type=\"image-box.default\">\n\t\t\t\t<div class=\"elementor-widget-container\">\n\t\t\t<div class=\"elementor-image-box-wrapper\"><div class=\"elementor-image-box-content\"><h3 class=\"elementor-image-box-title\"><a href=\"http:\/\/violmax.pl\/index.php\/kategoria-produktu\/morze\/gdynia\/\">Gdynia<\/a><\/h3><p class=\"elementor-image-box-description\">Gdynia \u2013 miasto na prawach powiatu w p\u00f3\u0142nocnej Polsce, w wojew\u00f3dztwie pomorskim, po\u0142o\u017cone nad Morzem Ba\u0142tyckim, na Pobrze\u017cu Gda\u0144skim i Pojezierzu Wschodniopomorskim. Wchodzi w sk\u0142ad Tr\u00f3jmiasta, jest zatem jednym z miast centralnych aglomeracji Tr\u00f3jmiasta.<\/p><\/div><\/div>\t\t<\/div>\n\t\t\t\t<\/div>\n\t\t\t\t<div class=\"elementor-element elementor-element-70a45af elementor-position-left elementor-vertical-align-top elementor-widget elementor-widget-image-box\" data-id=\"70a45af\" data-element_type=\"widget\" data-widget_type=\"image-box.default\">\n\t\t\t\t<div class=\"elementor-widget-container\">\n\t\t\t<div class=\"elementor-image-box-wrapper\"><div class=\"elementor-image-box-content\"><h3 class=\"elementor-image-box-title\"><a href=\"http:\/\/violmax.pl\/index.php\/kategoria-produktu\/morze\/gdansk\/\">Gda\u0144sk<\/a><\/h3><p class=\"elementor-image-box-description\">Gda\u0144sk \u2013 miasto na prawach powiatu w p\u00f3\u0142nocnej Polsce w wojew\u00f3dztwie pomorskim, po\u0142o\u017cone nad Morzem Ba\u0142tyckim u uj\u015bcia Mot\u0142awy do Wis\u0142y nad Zatok\u0105 Gda\u0144sk\u0105. Centrum kulturalne, naukowe i gospodarcze oraz w\u0119ze\u0142 komunikacyjny p\u00f3\u0142nocnej Polski, stolica wojew\u00f3dztwa pomorskiego.<\/p><\/div><\/div>\t\t<\/div>\n\t\t\t\t<\/div>\n\t\t\t\t<div class=\"elementor-element elementor-element-7e7a4ee elementor-position-left elementor-vertical-align-top elementor-widget elementor-widget-image-box\" data-id=\"7e7a4ee\" data-element_type=\"widget\" data-widget_type=\"image-box.default\">\n\t\t\t\t<div class=\"elementor-widget-container\">\n\t\t\t<div class=\"elementor-image-box-wrapper\"><div class=\"elementor-image-box-content\"><h3 class=\"elementor-image-box-title\"><a href=\"http:\/\/violmax.pl\/index.php\/kategoria-produktu\/morze\/sopot\/\">Sopot<\/a><\/h3><p class=\"elementor-image-box-description\">Sopot \u2013 miasto na prawach powiatu w p\u00f3\u0142nocnej Polsce nad Zatok\u0105 Gda\u0144sk\u0105, po\u0142o\u017cone na Pobrze\u017cu Gda\u0144skim, mi\u0119dzy Gda\u0144skiem a Gdyni\u0105, z kt\u00f3rymi tworzy Tr\u00f3jmiasto, w obr\u0119bie aglomeracji tr\u00f3jmiejskiej.<\/p><\/div><\/div>\t\t<\/div>\n\t\t\t\t<\/div>\n\t\t\t\t<div class=\"elementor-element elementor-element-bce8168 elementor-position-left elementor-vertical-align-top elementor-widget elementor-widget-image-box\" data-id=\"bce8168\" data-element_type=\"widget\" data-widget_type=\"image-box.default\">\n\t\t\t\t<div class=\"elementor-widget-container\">\n\t\t\t<div class=\"elementor-image-box-wrapper\"><div class=\"elementor-image-box-content\"><h3 class=\"elementor-image-box-title\"><a href=\"http:\/\/violmax.pl\/index.php\/kategoria-produktu\/morze\/krynica-morska\/\">Krynica Morska<\/a><\/h3><p class=\"elementor-image-box-description\">Krynica Morska \u2013 miasto w wojew\u00f3dztwie pomorskim, w powiecie nowodworskim, na Mierzei Wi\u015blanej, mi\u0119dzy Zatok\u0105 Gda\u0144sk\u0105 a Zalewem Wi\u015blanym, przy drodze wojew\u00f3dzkiej nr 501. Miejscowo\u015b\u0107 turystyczna z portem morskim, czterema przystaniami morskimi i letnim k\u0105pieliskiem.<\/p><\/div><\/div>\t\t<\/div>\n\t\t\t\t<\/div>\n\t\t\t\t\t\t<\/div>\n\t\t\t\t\t<\/div>\n\t\t<\/div>\n\t\t\t\t\t\t\t\t<\/div>\n\t\t\t\t\t<\/div>\n\t\t<\/section>\n\t\t\t\t\t\t<\/div>\n\t\t\t\t\t\t<\/div>\n\t\t\t\t\t<\/div>\n\t\t","protected":false},"excerpt":{"rendered":"<p>Przyk\u0142ady wzor\u00f3w uniwersalnych na miejscowo\u015bci nadmorskie \u015awinouj\u015bcie \u015awinouj\u015bcie \u2013 miasto na prawach powiatu, uzdrowisko w p\u00f3\u0142nocno-zachodnim kra\u0144cu Polski, najdalej wysuni\u0119te na p\u00f3\u0142nocny zach\u00f3d miasto w kraju, w wojew\u00f3dztwie zachodniopomorskim z portem morskim Mi\u0119dzyzdroje Mi\u0119dzyzdroje \u2013 miasto w p\u00f3\u0142nocno-zachodniej Polsce, w wojew\u00f3dztwie zachodniopomorskim, w powiecie kamie\u0144skim, siedziba gminy miejsko-wiejskiej Mi\u0119dzyzdroje, po\u0142o\u017cone nad Morzem Ba\u0142tyckim, na wyspie Wolin. Wed\u0142ug danych z 31 grudnia 2010 miasto liczy\u0142o 5479 mieszka\u0144c\u00f3w. Niechorze Niechorze \u2013 wie\u015b so\u0142ecka w p\u00f3\u0142nocno-zachodniej Polsce, po\u0142o\u017cona&hellip;<\/p>\n","protected":false},"author":1,"featured_media":0,"parent":0,"menu_order":0,"comment_status":"closed","ping_status":"closed","template":"","meta":[],"_links":{"self":[{"href":"https:\/\/violmax.pl\/index.php\/wp-json\/wp\/v2\/pages\/56"}],"collection":[{"href":"https:\/\/violmax.pl\/index.php\/wp-json\/wp\/v2\/pages"}],"about":[{"href":"https:\/\/violmax.pl\/index.php\/wp-json\/wp\/v2\/types\/page"}],"author":[{"embeddable":true,"href":"https:\/\/violmax.pl\/index.php\/wp-json\/wp\/v2\/users\/1"}],"replies":[{"embeddable":true,"href":"https:\/\/violmax.pl\/index.php\/wp-json\/wp\/v2\/comments?post=56"}],"version-history":[{"count":49,"href":"https:\/\/violmax.pl\/index.php\/wp-json\/wp\/v2\/pages\/56\/revisions"}],"predecessor-version":[{"id":10121,"href":"https:\/\/violmax.pl\/index.php\/wp-json\/wp\/v2\/pages\/56\/revisions\/10121"}],"wp:attachment":[{"href":"https:\/\/violmax.pl\/index.php\/wp-json\/wp\/v2\/media?parent=56"}],"curies":[{"name":"wp","href":"https:\/\/api.w.org\/{rel}","templated":true}]}}